{"id":19357,"date":"2022-01-12T00:00:00","date_gmt":"2022-01-12T00:00:00","guid":{"rendered":"https:\/\/wholesale.md\/index.php\/produs\/repair-hair-mask\/"},"modified":"2024-06-20T15:50:22","modified_gmt":"2024-06-20T15:50:22","slug":"repair-hair-mask","status":"publish","type":"product","link":"https:\/\/wholesale.md\/ru\/product\/repair-hair-mask\/","title":{"rendered":"REPAIR HAIR MASK"},"content":{"rendered":"<p><b>Masc\u0103 revitalizant\u0103 pentru p\u0103r cu silPLEX\u00ae, ulei de argan, keratin\u0103 lichid\u0103 \u0219i m\u0103tase 500ml\u00a0<\/b><\/p>\n<p><b>pH 4,0\u00a0<\/b><\/p>\n<p><span style=\"font-weight: 400;\">Masc\u0103 pentru p\u0103r, scalp \u0219i corp. Restabile\u0219te structura p\u0103rului deteriorat. Previne fragilitatea \u0219i despicarea firelor de p\u0103r. Cre\u0219te semnificativ rezisten\u021ba leg\u0103turilor structurale \u0219i elasticitatea acestora. Face p\u0103rul dens, str\u0103lucitor \u0219i m\u0103t\u0103sos. Hidrateaz\u0103 \u0219i regenereaz\u0103 pielea, stimuleaz\u0103 cre\u0219terea p\u0103rului.<\/span><\/p>\n<p><b>\u0421\u043f\u043e\u0441\u043e\u0431 \u043f\u0440\u0438\u043c\u0435\u043d\u0435\u043d\u0438\u044f:<\/b><br \/>\n<b>1. <\/b><b>\u00cen calitate de regenerant intensiv al p\u0103rului.<\/b> Se aplic\u0103 pe p\u0103rul uscat. Se maseaz\u0103 cu aten\u021bie masca pe p\u0103r \u00eempotriva cre\u0219terii foliculelor, \u00eencep\u00e2nd de la capete. Se las\u0103 masca timp de 15 minute la temperaturi calde (se pune un capac termic special sau se \u00eenc\u0103lze\u0219te p\u0103rul cu un usc\u0103tor de p\u0103r). Se cl\u0103te\u0219te cu ap\u0103 \u0219i se spal\u0103 cu \u0219ampon \u0219i balsam. Pentru a \u00eembun\u0103t\u0103\u021bi\u00a0 efectul m\u0103\u0219tii, \u00eenainte de aplicare se ad\u0103uga <b>COMPLEX<\/b> pentru p\u0103r (dou\u0103 ap\u0103s\u0103ri) \u0219i <b>GSP-T CONCENTRATE <\/b>(1:1).<br \/>\n<strong>2. <\/strong><b>\u00cen calitate de balsam intens.<\/b> Se aplic\u0103 pe p\u0103rul umed sp\u0103lat cu \u0219ampon. Se aplic\u0103 pe \u00eentreaga lungime a p\u0103rului, se piept\u0103n\u0103 sau se prelucreaz\u0103 cu m\u00e2inile timp de 5 minute. Se spal\u0103 cu ap\u0103 rece.<\/p>","protected":false},"excerpt":{"rendered":"<p>Masc\u0103 pentru restabilirea structurii p\u0103rului deteriorat<\/p>","protected":false},"featured_media":19359,"template":"","meta":[],"product_brand":[],"product_cat":[72,1500],"product_tag":[],"class_list":{"0":"post-19357","1":"product","2":"type-product","3":"status-publish","4":"has-post-thumbnail","6":"product_cat-ingrijirea-parului","7":"product_cat-masti-de-par","9":"first","10":"instock","11":"purchasable","12":"product-type-simple"},"jetpack_sharing_enabled":true,"_links":{"self":[{"href":"https:\/\/wholesale.md\/ru\/wp-json\/wp\/v2\/product\/19357","targetHints":{"allow":["GET"]}}],"collection":[{"href":"https:\/\/wholesale.md\/ru\/wp-json\/wp\/v2\/product"}],"about":[{"href":"https:\/\/wholesale.md\/ru\/wp-json\/wp\/v2\/types\/product"}],"version-history":[{"count":0,"href":"https:\/\/wholesale.md\/ru\/wp-json\/wp\/v2\/product\/19357\/revisions"}],"wp:featuredmedia":[{"embeddable":true,"href":"https:\/\/wholesale.md\/ru\/wp-json\/wp\/v2\/media\/19359"}],"wp:attachment":[{"href":"https:\/\/wholesale.md\/ru\/wp-json\/wp\/v2\/media?parent=19357"}],"wp:term":[{"taxonomy":"product_brand","embeddable":true,"href":"https:\/\/wholesale.md\/ru\/wp-json\/wp\/v2\/product_brand?post=19357"},{"taxonomy":"product_cat","embeddable":true,"href":"https:\/\/wholesale.md\/ru\/wp-json\/wp\/v2\/product_cat?post=19357"},{"taxonomy":"product_tag","embeddable":true,"href":"https:\/\/wholesale.md\/ru\/wp-json\/wp\/v2\/product_tag?post=19357"}],"curies":[{"name":"wp","href":"https:\/\/api.w.org\/{rel}","templated":true}]}}